{"id":8035,"date":"2019-08-05T13:11:54","date_gmt":"2019-08-05T16:11:54","guid":{"rendered":"http:\/\/exa.unne.edu.ar\/r\/?page_id=8035"},"modified":"2024-03-20T13:19:36","modified_gmt":"2024-03-20T16:19:36","slug":"dpto-fisica","status":"publish","type":"page","link":"https:\/\/exa.unne.edu.ar\/r\/?page_id=8035","title":{"rendered":"Departamento de F\u00edsica"},"content":{"rendered":"<p>[vc_row 0=\u00bb\u00bb][vc_column width=\u00bb1\/2&#8243;][vc_column_text 0=\u00bb\u00bb]<\/p>\n<h2><strong>Director\/a<\/strong><\/h2>\n<p style=\"padding-left: 40px;\">Prof. Claudio Jos\u00e9 Francisco Rodas<\/p>\n<p style=\"padding-left: 40px;\"><strong>Correo:<\/strong> <a href=\"mailto:rodas@exa.unne.edu.ar\">rodas@exa.unne.edu.ar<\/a><\/p>\n<p>&nbsp;[\/vc_column_text][\/vc_column][vc_column width=\u00bb1\/2&#8243;][vc_column_text 0=\u00bb\u00bb]<\/p>\n<h2><strong>Vicedirector\/a<\/strong><\/h2>\n<p style=\"padding-left: 40px;\">Prof. Claudio Areil Ponce Altamirano<\/p>\n<p style=\"padding-left: 40px;\"><strong>Correo: <\/strong><a href=\"mailto:arielpa@exa.unne.edu.ar\">arielpa@exa.unne.edu.ar<\/a><\/p>\n<p>[\/vc_column_text][\/vc_column][\/vc_row][vc_row 0=\u00bb\u00bb][vc_column 0=\u00bb\u00bb][vc_column_text 0=\u00bb\u00bb]<\/p>\n<h2><strong>Contacto<\/strong><\/h2>\n<p style=\"padding-left: 40px;\"><strong>Secretaria:\u00a0 <\/strong><strong><br \/>\n<\/strong><\/p>\n<p style=\"padding-left: 40px;\"><strong>Tel\u00e9fono:<\/strong> (54) &#8211; 379 &#8211; 4473931\u00a0 <strong>Interno:<\/strong> 4610<\/p>\n<p style=\"padding-left: 40px;\"><strong>Correo:<\/strong><a href=\"mailto:fisica@exa.unne.edu.ar\"> fisica@exa.unne.edu.ar<\/a><\/p>\n<p>[\/vc_column_text][vc_column_text 0=\u00bb\u00bb]<a class=\"textgris\" href=\"http:\/\/exa.unne.edu.ar\/fisica\" target=\"_blank\">INGRESAR AL DEPARTAMENTO DE F\u00cdSICA <\/a>[\/vc_column_text][\/vc_column][\/vc_row][vc_row][vc_column][vc_tta_tabs][vc_tta_section title=\u00bb\u00c1reas\u00bb tab_id=\u00bb1565363266105-b91f2805-8104&#8243;][vc_column_text]<\/p>\n<table class=\"wp-block-table\">\n<tbody>\n<tr>\n<td><strong>\u00c1reas de Conocimiento<\/strong><\/td>\n<td><strong>Coordinador\/a<\/strong><\/td>\n<td><strong>Asignaturas<\/strong><\/td>\n<\/tr>\n<tr>\n<td>Mec\u00e1nica y Termodin\u00e1mica Estad\u00edstica<\/td>\n<td>Dr. Rodolfo Romero<\/td>\n<td>Calor y Termodin\u00e1mica<br \/>\nF\u00edsica (Agrimensura)<br \/>\nF\u00edsica I<br \/>\nF\u00edsica I ( Lic. Matem\u00e1tica)<br \/>\nLaboratorio de Calor y Termodin\u00e1mica<br \/>\nLaboratorio de Mec\u00e1nica Cl\u00e1sica<br \/>\nMec\u00e1nica Calor y Termodin\u00e1mica<br \/>\n<a href=\"http:\/\/exa.unne.edu.ar\/departamentos\/dpto_fisica.php\">Mec\u00e1nica Cl\u00e1sica<\/a><br \/>\nMec\u00e1nica y Termodin\u00e1mica<br \/>\nMec\u00e1nica Anal\u00edtica<br \/>\nTermodin\u00e1mica Estad\u00edstica<br \/>\nTermodin\u00e1mica<\/td>\n<\/tr>\n<tr>\n<td>F\u00edsica Aplicada<\/td>\n<td>Ing. Cesar Cabrera<\/td>\n<td>F\u00edsica Nuclear<br \/>\nF\u00edsica General<br \/>\nBiol\u00f3gica<br \/>\nF\u00edsica Experimental I<br \/>\nF\u00edsica Experimental II<br \/>\nLaboratorio I<br \/>\nMec\u00e1nica III<br \/>\nT\u00e9cnicas Nucleares<br \/>\nProgramaci\u00f3n<br \/>\nF\u00edsica de S\u00f3lidos<br \/>\nLaboratorio II<br \/>\nF\u00edsica Computacional<br \/>\nTaller de Tecnolog\u00eda Educativa<\/td>\n<\/tr>\n<tr>\n<td>Electromagnetismo<\/td>\n<td><\/td>\n<td>Electricidad y Magnetismo<br \/>\nElectricidad Magnetismo<br \/>\n\u00d3ptica y Sonido<br \/>\nF\u00edsica Te\u00f3rica I<br \/>\nF\u00edsica At\u00f3mica<br \/>\nF\u00edsica IV<br \/>\nF\u00edsica V<br \/>\nLaboratorio de Electricidad y Magnetismo<br \/>\nLaboratorio de \u00d3ptica y Sonido<br \/>\n\u00d3ptica y Sonido<\/td>\n<\/tr>\n<\/tbody>\n<\/table>\n<p>[\/vc_column_text][\/vc_tta_section][vc_tta_section title=\u00bbCuerpo Docente\u00bb tab_id=\u00bb1565363266107-ac8a6391-020d\u00bb][vc_column_text 0=\u00bb\u00bb]<\/p>\n<h3><strong>Profesores Titulares<\/strong><\/h3>\n<p><a href=\"http:\/\/exa.unne.edu.ar\/docentes\/docs\/cv_aucar_gustavo_adolfo.pdf\"><img loading=\"lazy\" decoding=\"async\" class=\"alignnone\" src=\"http:\/\/exa.unne.edu.ar\/imagenes\/ver_cv1.jpg\" alt=\"Ver Curriculum Vitae\" width=\"40\" height=\"24\" border=\"0\" \/><\/a>\u00a0 AUCAR, GUSTAVO ADOLFO<\/p>\n<p><img loading=\"lazy\" decoding=\"async\" class=\"alignnone\" src=\"http:\/\/exa.unne.edu.ar\/imagenes\/ver_cv1.jpg\" alt=\"Ver Curriculum Vitae\" width=\"40\" height=\"24\" border=\"0\" \/>\u00a0 LOBAYAN, ROSANA MARIA<\/p>\n<p><a href=\"http:\/\/exa.unne.edu.ar\/docentes\/docs\/ORTIZ_guillermopablo.pdf\"><img loading=\"lazy\" decoding=\"async\" class=\"alignnone\" src=\"http:\/\/exa.unne.edu.ar\/imagenes\/ver_cv1.jpg\" alt=\"Ver Curriculum Vitae\" width=\"40\" height=\"24\" border=\"0\" \/><\/a>\u00a0 ORTIZ, GUILLERMO<\/p>\n<p><a href=\"http:\/\/exa.unne.edu.ar\/docentes\/docs\/PROVASI_PatricioFederico.pdf\"><img loading=\"lazy\" decoding=\"async\" class=\"alignnone\" src=\"http:\/\/exa.unne.edu.ar\/imagenes\/ver_cv1.jpg\" alt=\"Ver Curriculum Vitae\" width=\"40\" height=\"24\" border=\"0\" \/><\/a>\u00a0 PROVASI, PATRICIO FEDERICO<\/p>\n<p><a href=\"http:\/\/exa.unne.edu.ar\/docentes\/docs\/cv_pulido_manuel_arturo.pdf\"><img loading=\"lazy\" decoding=\"async\" class=\"alignnone\" src=\"http:\/\/exa.unne.edu.ar\/imagenes\/ver_cv1.jpg\" alt=\"Ver Curriculum Vitae\" width=\"40\" height=\"24\" border=\"0\" \/><\/a>\u00a0 PULIDO, MANUEL ARTURO<\/p>\n<p><img loading=\"lazy\" decoding=\"async\" class=\"alignnone\" src=\"http:\/\/exa.unne.edu.ar\/imagenes\/ver_cv1.jpg\" alt=\"Ver Curriculum Vitae\" width=\"40\" height=\"24\" border=\"0\" \/>\u00a0 QUINTEIRO, GUILLERMO FEDERICO<\/p>\n<p><img loading=\"lazy\" decoding=\"async\" class=\"alignnone\" src=\"http:\/\/exa.unne.edu.ar\/imagenes\/ver_cv1.jpg\" alt=\"Ver Curriculum Vitae\" width=\"40\" height=\"24\" border=\"0\" \/>\u00a0 ROJAS, JULIO ALBERTO<\/p>\n<p><img loading=\"lazy\" decoding=\"async\" class=\"alignnone\" src=\"http:\/\/exa.unne.edu.ar\/imagenes\/ver_cv1.jpg\" alt=\"Ver Curriculum Vitae\" width=\"40\" height=\"24\" border=\"0\" \/>\u00a0 ROMERO, RODOLFO HORACIO<\/p>\n<p><img loading=\"lazy\" decoding=\"async\" class=\"alignnone\" src=\"http:\/\/exa.unne.edu.ar\/imagenes\/ver_cv1.jpg\" alt=\"Ver Curriculum Vitae\" width=\"40\" height=\"24\" border=\"0\" \/>\u00a0 STOPPELLO, MARTA GABRIELA[\/vc_column_text][vc_column_text]<\/p>\n<h3><strong>Profesores Adjuntos<\/strong><\/h3>\n<p><img loading=\"lazy\" decoding=\"async\" class=\"alignnone\" src=\"http:\/\/exa.unne.edu.ar\/imagenes\/ver_cv1.jpg\" alt=\"Ver Curriculum Vitae\" width=\"40\" height=\"24\" border=\"0\" \/>\u00a0 CABRERA, CESAR ANIBAL<\/p>\n<p><img loading=\"lazy\" decoding=\"async\" class=\"alignnone\" src=\"http:\/\/exa.unne.edu.ar\/imagenes\/ver_cv1.jpg\" alt=\"Ver Curriculum Vitae\" width=\"40\" height=\"24\" border=\"0\" \/>\u00a0 ESQUIVEL, RAMON ABEL<\/p>\n<p><img loading=\"lazy\" decoding=\"async\" class=\"alignnone\" src=\"http:\/\/exa.unne.edu.ar\/imagenes\/ver_cv1.jpg\" alt=\"Ver Curriculum Vitae\" width=\"40\" height=\"24\" border=\"0\" \/>\u00a0 FERRON, ALEJANDRO<\/p>\n<p><img loading=\"lazy\" decoding=\"async\" class=\"alignnone\" src=\"http:\/\/exa.unne.edu.ar\/imagenes\/ver_cv1.jpg\" alt=\"Ver Curriculum Vitae\" width=\"40\" height=\"24\" border=\"0\" \/>\u00a0 GOMEZ, SERGIO SANTIAGO<\/p>\n<p><img loading=\"lazy\" decoding=\"async\" class=\"alignnone\" src=\"http:\/\/exa.unne.edu.ar\/imagenes\/ver_cv1.jpg\" alt=\"Ver Curriculum Vitae\" width=\"40\" height=\"24\" border=\"0\" \/>\u00a0 LUCERO, IRMA IRENE<\/p>\n<p><img loading=\"lazy\" decoding=\"async\" class=\"alignnone\" src=\"http:\/\/exa.unne.edu.ar\/imagenes\/ver_cv1.jpg\" alt=\"Ver Curriculum Vitae\" width=\"40\" height=\"24\" border=\"0\" \/>\u00a0 PONCE ALTAMIRANO, CLAUDIO ARIEL<\/p>\n<p><img loading=\"lazy\" decoding=\"async\" class=\"alignnone\" src=\"http:\/\/exa.unne.edu.ar\/imagenes\/ver_cv1.jpg\" alt=\"Ver Curriculum Vitae\" width=\"40\" height=\"24\" border=\"0\" \/>\u00a0 RODAS, CLAUDIO JOSE FRANCISCO<\/p>\n<p><img loading=\"lazy\" decoding=\"async\" class=\"alignnone\" src=\"http:\/\/exa.unne.edu.ar\/imagenes\/ver_cv1.jpg\" alt=\"Ver Curriculum Vitae\" width=\"40\" height=\"24\" border=\"0\" \/>\u00a0 SOGARI, CLOTILDE NOEMI[\/vc_column_text][vc_column_text 0=\u00bb\u00bb]<\/p>\n<h3><strong>Jefes de Trabajos Pr\u00e1cticos<\/strong><\/h3>\n<p><img loading=\"lazy\" decoding=\"async\" class=\"alignnone\" src=\"http:\/\/exa.unne.edu.ar\/imagenes\/ver_cv1.jpg\" alt=\"Ver Curriculum Vitae\" width=\"40\" height=\"24\" border=\"0\" \/>\u00a0 ACOSTA CODEN, DIEGO SEBASTIAN<\/p>\n<p><img loading=\"lazy\" decoding=\"async\" class=\"alignnone\" src=\"http:\/\/exa.unne.edu.ar\/imagenes\/ver_cv1.jpg\" alt=\"Ver Curriculum Vitae\" width=\"40\" height=\"24\" border=\"0\" \/>\u00a0 AGUIRRE, LEANDRO AXEL<\/p>\n<p><img loading=\"lazy\" decoding=\"async\" class=\"alignnone\" src=\"http:\/\/exa.unne.edu.ar\/imagenes\/ver_cv1.jpg\" alt=\"Ver Curriculum Vitae\" width=\"40\" height=\"24\" border=\"0\" \/>\u00a0 AUCAR, IGNACIO AGUSTIN<\/p>\n<p><img loading=\"lazy\" decoding=\"async\" class=\"alignnone\" src=\"http:\/\/exa.unne.edu.ar\/imagenes\/ver_cv1.jpg\" alt=\"Ver Curriculum Vitae\" width=\"40\" height=\"24\" border=\"0\" \/>\u00a0 BENTZ, ERIKA NATALIA<\/p>\n<p><img loading=\"lazy\" decoding=\"async\" class=\"alignnone\" src=\"http:\/\/exa.unne.edu.ar\/imagenes\/ver_cv1.jpg\" alt=\"Ver Curriculum Vitae\" width=\"40\" height=\"24\" border=\"0\" \/>\u00a0 BLATTER, SANDRA PATRICIA<\/p>\n<p><img loading=\"lazy\" decoding=\"async\" class=\"alignnone\" src=\"http:\/\/exa.unne.edu.ar\/imagenes\/ver_cv1.jpg\" alt=\"Ver Curriculum Vitae\" width=\"40\" height=\"24\" border=\"0\" \/>\u00a0 COSSOLI, PEDRO ARIEL<\/p>\n<p><img loading=\"lazy\" decoding=\"async\" class=\"alignnone\" src=\"http:\/\/exa.unne.edu.ar\/imagenes\/ver_cv1.jpg\" alt=\"Ver Curriculum Vitae\" width=\"40\" height=\"24\" border=\"0\" \/>\u00a0 ESQUIVEL, RAMON ABEL<\/p>\n<p><img loading=\"lazy\" decoding=\"async\" class=\"alignnone\" src=\"http:\/\/exa.unne.edu.ar\/imagenes\/ver_cv1.jpg\" alt=\"Ver Curriculum Vitae\" width=\"40\" height=\"24\" border=\"0\" \/>\u00a0 GALARZA, JULIO CESAR<\/p>\n<p><img loading=\"lazy\" decoding=\"async\" class=\"alignnone\" src=\"http:\/\/exa.unne.edu.ar\/imagenes\/ver_cv1.jpg\" alt=\"Ver Curriculum Vitae\" width=\"40\" height=\"24\" border=\"0\" \/>\u00a0 MERINO, CARLOS ALBERTO<\/p>\n<p><img loading=\"lazy\" decoding=\"async\" class=\"alignnone\" src=\"http:\/\/exa.unne.edu.ar\/imagenes\/ver_cv1.jpg\" alt=\"Ver Curriculum Vitae\" width=\"40\" height=\"24\" border=\"0\" \/>\u00a0 RAMOS, ALBA YANINA<\/p>\n<p><img loading=\"lazy\" decoding=\"async\" class=\"alignnone\" src=\"http:\/\/exa.unne.edu.ar\/imagenes\/ver_cv1.jpg\" alt=\"Ver Curriculum Vitae\" width=\"40\" height=\"24\" border=\"0\" \/>\u00a0 RESTREPO SAENZ, LILIANA<\/p>\n<p><img loading=\"lazy\" decoding=\"async\" class=\"alignnone\" src=\"http:\/\/exa.unne.edu.ar\/imagenes\/ver_cv1.jpg\" alt=\"Ver Curriculum Vitae\" width=\"40\" height=\"24\" border=\"0\" \/>\u00a0 RODRIGUEZ AGUIRRE, JUAN MANUEL<\/p>\n<p><img loading=\"lazy\" decoding=\"async\" class=\"alignnone\" src=\"http:\/\/exa.unne.edu.ar\/imagenes\/ver_cv1.jpg\" alt=\"Ver Curriculum Vitae\" width=\"40\" height=\"24\" border=\"0\" \/>\u00a0 RODRIGUEZ, SANTIAGO AGUSTIN<\/p>\n<p><img loading=\"lazy\" decoding=\"async\" class=\"alignnone\" src=\"http:\/\/exa.unne.edu.ar\/imagenes\/ver_cv1.jpg\" alt=\"Ver Curriculum Vitae\" width=\"40\" height=\"24\" border=\"0\" \/>\u00a0 SANCHEZ, GUILLERMO RUBEN<\/p>\n<p><img loading=\"lazy\" decoding=\"async\" class=\"alignnone\" src=\"http:\/\/exa.unne.edu.ar\/imagenes\/ver_cv1.jpg\" alt=\"Ver Curriculum Vitae\" width=\"40\" height=\"24\" border=\"0\" \/>\u00a0 VALDEZ, LUCY ALEJANDRA[\/vc_column_text][vc_column_text]<\/p>\n<h3><strong>Auxiliares de Primera Categor\u00eda<br \/>\n<\/strong><\/h3>\n<p><img loading=\"lazy\" decoding=\"async\" class=\"alignnone\" src=\"http:\/\/exa.unne.edu.ar\/imagenes\/ver_cv1.jpg\" alt=\"Ver Curriculum Vitae\" width=\"40\" height=\"24\" border=\"0\" \/>\u00a0 AUCAR, JUAN JOSE<\/p>\n<p><img loading=\"lazy\" decoding=\"async\" class=\"alignnone\" src=\"http:\/\/exa.unne.edu.ar\/imagenes\/ver_cv1.jpg\" alt=\"Ver Curriculum Vitae\" width=\"40\" height=\"24\" border=\"0\" \/>\u00a0 DELGADO ORTIZ, MARIA EUGENIA<\/p>\n<p><img loading=\"lazy\" decoding=\"async\" class=\"alignnone\" src=\"http:\/\/exa.unne.edu.ar\/imagenes\/ver_cv1.jpg\" alt=\"Ver Curriculum Vitae\" width=\"40\" height=\"24\" border=\"0\" \/>\u00a0 GONZALEZ MAYANS, ALEXIS RAUL<\/p>\n<p><img loading=\"lazy\" decoding=\"async\" class=\"alignnone\" src=\"http:\/\/exa.unne.edu.ar\/imagenes\/ver_cv1.jpg\" alt=\"Ver Curriculum Vitae\" width=\"40\" height=\"24\" border=\"0\" \/>\u00a0 LASALA, CESAR GUSTAVO<\/p>\n<p><img loading=\"lazy\" decoding=\"async\" class=\"alignnone\" src=\"http:\/\/exa.unne.edu.ar\/imagenes\/ver_cv1.jpg\" alt=\"Ver Curriculum Vitae\" width=\"40\" height=\"24\" border=\"0\" \/>\u00a0 PONCE ALTAMIRANO, CLAUDIO ARIEL<\/p>\n<p><img loading=\"lazy\" decoding=\"async\" class=\"alignnone\" src=\"http:\/\/exa.unne.edu.ar\/imagenes\/ver_cv1.jpg\" alt=\"Ver Curriculum Vitae\" width=\"40\" height=\"24\" border=\"0\" \/>\u00a0 RESTREPO SAENZ, LILIANA<\/p>\n<p><img loading=\"lazy\" decoding=\"async\" class=\"alignnone\" src=\"http:\/\/exa.unne.edu.ar\/imagenes\/ver_cv1.jpg\" alt=\"Ver Curriculum Vitae\" width=\"40\" height=\"24\" border=\"0\" \/>\u00a0 RUS, MARIA ESTEFANIA[\/vc_column_text][\/vc_tta_section][\/vc_tta_tabs][\/vc_column][\/vc_row]<\/p>\n","protected":false},"excerpt":{"rendered":"<p>[vc_row 0=\u00bb\u00bb][vc_column width=\u00bb1\/2&#8243;][vc_column_text 0=\u00bb\u00bb] Director\/a Prof. Claudio Jos\u00e9 Francisco Rodas Correo: rodas@exa.unne.edu.ar &nbsp;[\/vc_column_text][\/vc_column][vc_column width=\u00bb1\/2&#8243;][vc_column_text 0=\u00bb\u00bb] Vicedirector\/a Prof. Claudio Areil Ponce Altamirano Correo: arielpa@exa.unne.edu.ar [\/vc_column_text][\/vc_column][\/vc_row][vc_row 0=\u00bb\u00bb][vc_column 0=\u00bb\u00bb][vc_column_text 0=\u00bb\u00bb] Contacto Secretaria:\u00a0 Tel\u00e9fono: (54) &#8211; 379 &#8211; 4473931\u00a0 Interno: 4610 Correo: fisica@exa.unne.edu.ar [\/vc_column_text][vc_column_text 0=\u00bb\u00bb]INGRESAR AL DEPARTAMENTO DE F\u00cdSICA [\/vc_column_text][\/vc_column][\/vc_row][vc_row][vc_column][vc_tta_tabs][vc_tta_section title=\u00bb\u00c1reas\u00bb tab_id=\u00bb1565363266105-b91f2805-8104&#8243;][vc_column_text] \u00c1reas de Conocimiento Coordinador\/a Asignaturas Mec\u00e1nica y [&hellip;]<\/p>\n","protected":false},"author":4,"featured_media":0,"parent":0,"menu_order":0,"comment_status":"closed","ping_status":"closed","template":"","meta":{"footnotes":""},"class_list":["post-8035","page","type-page","status-publish","hentry"],"_links":{"self":[{"href":"https:\/\/exa.unne.edu.ar\/r\/index.php?rest_route=\/wp\/v2\/pages\/8035","targetHints":{"allow":["GET"]}}],"collection":[{"href":"https:\/\/exa.unne.edu.ar\/r\/index.php?rest_route=\/wp\/v2\/pages"}],"about":[{"href":"https:\/\/exa.unne.edu.ar\/r\/index.php?rest_route=\/wp\/v2\/types\/page"}],"author":[{"embeddable":true,"href":"https:\/\/exa.unne.edu.ar\/r\/index.php?rest_route=\/wp\/v2\/users\/4"}],"replies":[{"embeddable":true,"href":"https:\/\/exa.unne.edu.ar\/r\/index.php?rest_route=%2Fwp%2Fv2%2Fcomments&post=8035"}],"version-history":[{"count":6,"href":"https:\/\/exa.unne.edu.ar\/r\/index.php?rest_route=\/wp\/v2\/pages\/8035\/revisions"}],"predecessor-version":[{"id":30602,"href":"https:\/\/exa.unne.edu.ar\/r\/index.php?rest_route=\/wp\/v2\/pages\/8035\/revisions\/30602"}],"wp:attachment":[{"href":"https:\/\/exa.unne.edu.ar\/r\/index.php?rest_route=%2Fwp%2Fv2%2Fmedia&parent=8035"}],"curies":[{"name":"wp","href":"https:\/\/api.w.org\/{rel}","templated":true}]}}