{"id":520,"date":"2021-04-09T00:28:47","date_gmt":"2021-04-09T00:28:47","guid":{"rendered":"http:\/\/facenavirtual.com.ar\/inicio\/?page_id=520"},"modified":"2021-04-09T00:28:47","modified_gmt":"2021-04-09T00:28:47","slug":"aplicaciones-online-para-generar-y-compartir-contenidos-digitales","status":"publish","type":"page","link":"https:\/\/exa.unne.edu.ar\/facena-virtual\/index.php\/aplicaciones-online-para-generar-y-compartir-contenidos-digitales\/","title":{"rendered":"Aplicaciones online para generar y compartir contenidos digitales"},"content":{"rendered":"\n<p><strong><em><span class=\"has-inline-color has-vivid-red-color\">Tipo de oferta:<\/span> <\/em><\/strong>Curso de Actualizaci\u00f3n y Perfeccionamiento:<\/p>\n\n\n\n<p><strong><em><span class=\"has-inline-color has-vivid-red-color\">Modalidad:&nbsp; <\/span><\/em><\/strong>Virtual con instancias sincr\u00f3nicas y asincr\u00f3nicas.<\/p>\n\n\n\n<p><strong><em><span class=\"has-inline-color has-vivid-red-color\">Destinatarios<\/span><\/em><\/strong>: Este curso est\u00e1 dirigido a docentes de la educaci\u00f3n primaria y secundaria, personal administrativo del sector p\u00fablico y privado, y p\u00fablico en general.<\/p>\n\n\n\n<p><strong><em><span class=\"has-inline-color has-vivid-red-color\">Docente Dictante:&nbsp;<\/span> <\/em><\/strong><\/p>\n\n\n\n<ul class=\"wp-block-list\"><li>Lic. Pablo L\u00f3pez&nbsp;&nbsp;&nbsp;<\/li><li>Lic. Luc\u00eda Salazar&nbsp;<\/li><\/ul>\n\n\n\n<p><strong><em><span class=\"has-inline-color has-vivid-red-color\">Inscripci\u00f3n: <\/span><\/em><\/strong>Abierta &nbsp;<\/p>\n\n\n\n<p><span class=\"has-inline-color has-vivid-red-color\"><strong><em>Fecha de Inicio:<\/em><\/strong> <\/span>a definir.<\/p>\n\n\n\n<p><span class=\"has-inline-color has-vivid-red-color\"><strong><em>Duraci\u00f3n o carga horaria<\/em><\/strong>:<\/span> 61 horas \u2013 8 semanas<\/p>\n\n\n\n<p><strong><em><span class=\"has-inline-color has-vivid-red-color\">Car\u00e1cter:<\/span>&nbsp; <\/em><\/strong>Arancelada<\/p>\n\n\n\n<ul class=\"wp-block-list\"><li>Arancel \u00fanico de $2.500 (pesos dos mil quinientos)<\/li><li>Docentes, no docentes y estudiantes FACENA: $2.000 (pesos dos mil)<strong><em><\/em><\/strong><\/li><\/ul>\n\n\n\n<p><strong><em><span class=\"has-inline-color has-vivid-red-color\">Certificaci\u00f3n que otorga:<\/span> <\/em><\/strong>certificado de aprobaci\u00f3n.<\/p>\n\n\n\n<p><span class=\"has-inline-color has-vivid-red-color\"><strong><em>Preinscripciones:<\/em><\/strong> <\/span><a href=\"https:\/\/cutt.ly\/mcCRBEg\">https:\/\/cutt.ly\/mcCRBEg<\/a><\/p>\n\n\n\n<p><strong><em><span class=\"has-inline-color has-vivid-red-color\">M\u00e1s informaci\u00f3n:<\/span><\/em><\/strong> &nbsp;<a rel=\"noreferrer noopener\" href=\"https:\/\/bit.ly\/3fJiH9O\" target=\"_blank\">https:\/\/bit.ly\/3fJiH9O<\/a><\/p>\n\n\n\n<p><strong><span class=\"has-inline-color has-vivid-red-color\"><em>Contacto para consultas<\/em>:<\/span> <\/strong><a href=\"mailto:extension.facena@gmail.com\">extension.facena@gmail.com<\/a><\/p>\n","protected":false},"excerpt":{"rendered":"<p>Tipo de oferta: Curso de Actualizaci\u00f3n y Perfeccionamiento: Modalidad:&nbsp; Virtual con instancias sincr\u00f3nicas y asincr\u00f3nicas. Destinatarios: Este curso est\u00e1 dirigido a docentes de la educaci\u00f3n primaria y secundaria, personal administrativo del sector p\u00fablico y privado, y p\u00fablico en general. Docente Dictante:&nbsp; Lic. Pablo L\u00f3pez&nbsp;&nbsp;&nbsp; Lic. Luc\u00eda Salazar&nbsp; Inscripci\u00f3n: Abierta &nbsp; Fecha de Inicio: a definir. &hellip; <\/p>\n","protected":false},"author":1,"featured_media":0,"parent":0,"menu_order":0,"comment_status":"closed","ping_status":"closed","template":"","meta":{"_monsterinsights_skip_tracking":false,"_monsterinsights_sitenote_active":false,"_monsterinsights_sitenote_note":"","_monsterinsights_sitenote_category":0,"footnotes":""},"class_list":["post-520","page","type-page","status-publish","hentry"],"_links":{"self":[{"href":"https:\/\/exa.unne.edu.ar\/facena-virtual\/index.php\/wp-json\/wp\/v2\/pages\/520","targetHints":{"allow":["GET"]}}],"collection":[{"href":"https:\/\/exa.unne.edu.ar\/facena-virtual\/index.php\/wp-json\/wp\/v2\/pages"}],"about":[{"href":"https:\/\/exa.unne.edu.ar\/facena-virtual\/index.php\/wp-json\/wp\/v2\/types\/page"}],"author":[{"embeddable":true,"href":"https:\/\/exa.unne.edu.ar\/facena-virtual\/index.php\/wp-json\/wp\/v2\/users\/1"}],"replies":[{"embeddable":true,"href":"https:\/\/exa.unne.edu.ar\/facena-virtual\/index.php\/wp-json\/wp\/v2\/comments?post=520"}],"version-history":[{"count":0,"href":"https:\/\/exa.unne.edu.ar\/facena-virtual\/index.php\/wp-json\/wp\/v2\/pages\/520\/revisions"}],"wp:attachment":[{"href":"https:\/\/exa.unne.edu.ar\/facena-virtual\/index.php\/wp-json\/wp\/v2\/media?parent=520"}],"curies":[{"name":"wp","href":"https:\/\/api.w.org\/{rel}","templated":true}]}}