{"id":501,"date":"2021-04-09T00:14:20","date_gmt":"2021-04-09T00:14:20","guid":{"rendered":"http:\/\/facenavirtual.com.ar\/inicio\/?page_id=501"},"modified":"2021-04-09T00:14:20","modified_gmt":"2021-04-09T00:14:20","slug":"herramientas-informaticas-para-el-trabajo-en-equipo","status":"publish","type":"page","link":"https:\/\/exa.unne.edu.ar\/facena-virtual\/index.php\/herramientas-informaticas-para-el-trabajo-en-equipo\/","title":{"rendered":"Herramientas inform\u00e1ticas para el trabajo en equipo"},"content":{"rendered":"\n<p><strong><em><span class=\"has-inline-color has-vivid-red-color\">Tipo de oferta: <\/span><\/em><\/strong>Curso de actualizaci\u00f3n<\/p>\n\n\n\n<p><strong><em><span class=\"has-inline-color has-vivid-red-color\">Modalidad:&nbsp;<\/span> <\/em><\/strong>Virtual con instancias sincr\u00f3nicas y asincr\u00f3nicas.<\/p>\n\n\n\n<p><strong><em><span class=\"has-inline-color has-vivid-red-color\">Destinatarios<\/span><\/em><\/strong><span class=\"has-inline-color has-vivid-red-color\">:<\/span> Docentes de distintos niveles y estudiantes avanzados Trabajadores de organizaciones p\u00fablicas o privadas. P\u00fablico en general interesado en la tem\u00e1tica. Es indispensable que los interesados en participar posean conocimientos b\u00e1sicos en el manejo de herramientas inform\u00e1ticas<\/p>\n\n\n\n<p><span class=\"has-inline-color has-vivid-red-color\"><strong><em>Docentes Dictantes<\/em><\/strong>:<\/span><\/p>\n\n\n\n<ul class=\"wp-block-list\"><li>Lic. Flavia Moreiro<\/li><li>Lic. Mar\u00eda Lorena Guastavino Mosna<\/li><li>Lic. Guillermo Arduino<\/li><li>Mgter. Beatriz Castro Chans<\/li><\/ul>\n\n\n\n<p><strong><em><span class=\"has-inline-color has-vivid-red-color\">Fecha de Inicio:<\/span><\/em><\/strong> 2 de junio de 2021.<\/p>\n\n\n\n<p><span class=\"has-inline-color has-vivid-red-color\"><strong><em>Duraci\u00f3n o carga horaria<\/em><\/strong>: <\/span>40 horas \u2013 6 semanas<\/p>\n\n\n\n<p><strong><em><span class=\"has-inline-color has-vivid-red-color\">Car\u00e1cter:&nbsp;<\/span> <\/em><\/strong>Arancelada<\/p>\n\n\n\n<ul class=\"wp-block-list\"><li>Arancel \u00fanico de $2.000 (pesos dos mil)<\/li><li>Docentes, no docentes y estudiantes FACENA: $1.000 (pesos mil)<strong><em><\/em><\/strong><\/li><\/ul>\n\n\n\n<p><strong><em><span class=\"has-inline-color has-vivid-red-color\">Certificaci\u00f3n que otorga:<\/span> <\/em><\/strong>certificado de aprobaci\u00f3n.<\/p>\n\n\n\n<p><strong><em><span class=\"has-inline-color has-vivid-red-color\">Objetivos:<\/span><\/em><\/strong><\/p>\n\n\n\n<ol class=\"wp-block-list\" type=\"1\"><li>Introducci\u00f3n al trabajo en equipo. Los desaf\u00edos de trabajar en equipo. Comunidad de pr\u00e1ctica y aprendizaje organizacional.<\/li><li>Herramientas de comunicaci\u00f3n para el trabajo en equipo. Videoconferencias. Redes sociales. Pautas para el uso adecuado.<\/li><li>Herramientas colaborativas. Fortalezas y dificultades. Reglas de uso. Google Suite. Mapas mentales. Pizarras digitales. Repositorios digitales.<\/li><li>Planificar y hacer seguimiento del trabajo en equipo. Tableros de control (Asana, MeisterTask, Trello).<\/li><li>Evaluar las pr\u00e1cticas de trabajo en equipo<\/li><\/ol>\n\n\n\n<p><strong><em><span class=\"has-inline-color has-vivid-red-color\">M\u00e1s informaci\u00f3n:<\/span><\/em><\/strong> <a href=\"https:\/\/bit.ly\/3fJiH9O\">https:\/\/bit.ly\/3fJiH9O<\/a><\/p>\n\n\n\n<p><strong><span class=\"has-inline-color has-vivid-red-color\"><em>Contacto para consultas<\/em>: <\/span><\/strong>extension.facena@gmail.com<\/p>\n","protected":false},"excerpt":{"rendered":"<p>Tipo de oferta: Curso de actualizaci\u00f3n Modalidad:&nbsp; Virtual con instancias sincr\u00f3nicas y asincr\u00f3nicas. Destinatarios: Docentes de distintos niveles y estudiantes avanzados Trabajadores de organizaciones p\u00fablicas o privadas. P\u00fablico en general interesado en la tem\u00e1tica. Es indispensable que los interesados en participar posean conocimientos b\u00e1sicos en el manejo de herramientas inform\u00e1ticas Docentes Dictantes: Lic. Flavia Moreiro &hellip; <\/p>\n","protected":false},"author":1,"featured_media":0,"parent":0,"menu_order":0,"comment_status":"closed","ping_status":"closed","template":"","meta":{"_monsterinsights_skip_tracking":false,"_monsterinsights_sitenote_active":false,"_monsterinsights_sitenote_note":"","_monsterinsights_sitenote_category":0,"footnotes":""},"class_list":["post-501","page","type-page","status-publish","hentry"],"_links":{"self":[{"href":"https:\/\/exa.unne.edu.ar\/facena-virtual\/index.php\/wp-json\/wp\/v2\/pages\/501","targetHints":{"allow":["GET"]}}],"collection":[{"href":"https:\/\/exa.unne.edu.ar\/facena-virtual\/index.php\/wp-json\/wp\/v2\/pages"}],"about":[{"href":"https:\/\/exa.unne.edu.ar\/facena-virtual\/index.php\/wp-json\/wp\/v2\/types\/page"}],"author":[{"embeddable":true,"href":"https:\/\/exa.unne.edu.ar\/facena-virtual\/index.php\/wp-json\/wp\/v2\/users\/1"}],"replies":[{"embeddable":true,"href":"https:\/\/exa.unne.edu.ar\/facena-virtual\/index.php\/wp-json\/wp\/v2\/comments?post=501"}],"version-history":[{"count":0,"href":"https:\/\/exa.unne.edu.ar\/facena-virtual\/index.php\/wp-json\/wp\/v2\/pages\/501\/revisions"}],"wp:attachment":[{"href":"https:\/\/exa.unne.edu.ar\/facena-virtual\/index.php\/wp-json\/wp\/v2\/media?parent=501"}],"curies":[{"name":"wp","href":"https:\/\/api.w.org\/{rel}","templated":true}]}}